{"id":6431,"date":"2023-08-10T10:19:29","date_gmt":"2023-08-10T07:19:29","guid":{"rendered":"https:\/\/skolungdom.fi\/?post_type=utlatande&amp;p=6431"},"modified":"2023-08-10T10:19:29","modified_gmt":"2023-08-10T07:19:29","slug":"begaran-om-utlatande-vn-19726-2023-senarelaggning-av-ikrafttradandet-for-lagen-om-funktionshinderservice","status":"publish","type":"utlatande","link":"https:\/\/www.skolungdom.fi\/en\/utlatande\/begaran-om-utlatande-vn-19726-2023-senarelaggning-av-ikrafttradandet-for-lagen-om-funktionshinderservice\/","title":{"rendered":"Beg\u00e4ran om utl\u00e5tande: VN\/19726\/2023 Senarel\u00e4ggning av ikrafttr\u00e4dandet f\u00f6r lagen om funktionshinderservice"},"content":{"rendered":"\n<p>11.08.2023<\/p>\n\n\n\n<p>Underst\u00f6der ni att den nya funktionshinderservice ikrafttr\u00e4dande skjuts fram fr\u00e5n den 1 oktober 2023 till den nya tidpunkten den 1 oktober 2024?<\/p>\n\n\n\n<p>Ja<\/p>\n\n\n\n<p><strong>Nej<\/strong><\/p>\n\n\n\n<p>Kan inte s\u00e4ga\u00a0<\/p>\n\n\n\n<p>Motivering:&nbsp;<\/p>\n\n\n\n<p>Utkastet till regeringens proposition ger inte tillr\u00e4ckliga sk\u00e4l f\u00f6r att skjuta upp ikrafttr\u00e4dandet av lagen om funktionshinderservice. I utkastet n\u00e4mns det hur den befintliga lagstiftningen \u00e4r f\u00f6r\u00e5ldrad och uppfyller inte kraven som fastst\u00e4lls i grundlagen eller i FN:s konvention. FSS f\u00f6rh\u00e5ller sig kritiskt till att f\u00f6rskjutningen av handikappservicelagen motiveras av finansiella sk\u00e4l. M\u00e5let att balansera de offentliga finanserna riskerar att g\u00e5 fram om grundl\u00e4ggande och m\u00e4nskliga r\u00e4ttigheter f\u00f6r personer med funktionsneds\u00e4ttning.&nbsp;<\/p>\n\n\n\n<p>I utkastet n\u00e4mns det hur de negativa konsekvenserna f\u00f6r personer med funktionsneds\u00e4ttning och deras familjer ska lindras delvis med tillf\u00e4llig investering i FPA:s rehabiliteringstj\u00e4nster. Dessa rehabiliteringstj\u00e4nster riktas speciellt f\u00f6r barn och unga, n\u00e5got som FSS gl\u00e4djer \u00f6ver. Emellertid \u00e4r FSS orolig \u00f6ver hur tillg\u00e5ngen till neuropsykologisk rehabilitering ska s\u00e4kerst\u00e4llas. Neuropsykologiska f\u00f6reningen i Finland rf har redan i mars 2023 uttryckt sin oro \u00f6ver de l\u00e5nga v\u00e4ntetiderna f\u00f6r FPA:s neuropsykologiska rehabiliteringar. Situationen g\u00e4ller hela Finland och speciellt barn och unga riskerar att v\u00e4nta 1,5 \u00e5r f\u00f6r att f\u00e5 tillg\u00e5ng till rehabilitering.&nbsp;<\/p>\n\n\n\n<p>Med denna motivering, underst\u00f6der FSS inte f\u00f6rskjutningen av den nya lagen om funktionshinderservice ikrafttr\u00e4dande. Speciellt barn och unga med funktionsneds\u00e4ttning har stort behov av de tj\u00e4nster som fastst\u00e4lls i den nya lagen. Det \u00e4r obegripligt att man i namn av en balanserad statsbudget sk\u00e4r ner p\u00e5 tj\u00e4nster som just har godk\u00e4nts av riksdagen och som grundar sig p\u00e5 FN:s konvention om r\u00e4ttigheter f\u00f6r personer med funktionsneds\u00e4ttning. De sk\u00e4rs bort fr\u00e5n dem som absolut beh\u00f6ver dessa tj\u00e4nster f\u00f6r att klara sig i vardagen.<\/p>\n\n\n\n<p>Cecilia Huhtala<\/p>\n\n\n\n<p>f\u00f6rbundsordf\u00f6rande, FSS<\/p>\n","protected":false},"template":"","class_list":["post-6431","utlatande","type-utlatande","status-publish","hentry"],"uagb_featured_image_src":[],"uagb_author_info":{"display_name":"Skolungdom","author_link":"https:\/\/www.skolungdom.fi\/en\/author\/"},"uagb_comment_info":0,"uagb_excerpt":"11.08.2023 Underst\u00f6der ni att den nya funktionshinderservice ikrafttr\u00e4dande skjuts fram fr\u00e5n den 1 oktober 2023 till den nya tidpunkten den 1 oktober 2024? Ja Nej Kan inte s\u00e4ga\u00a0 Motivering:&nbsp; Utkastet [&hellip;]","_links":{"self":[{"href":"https:\/\/www.skolungdom.fi\/en\/wp-json\/wp\/v2\/utlatande\/6431","targetHints":{"allow":["GET"]}}],"collection":[{"href":"https:\/\/www.skolungdom.fi\/en\/wp-json\/wp\/v2\/utlatande"}],"about":[{"href":"https:\/\/www.skolungdom.fi\/en\/wp-json\/wp\/v2\/types\/utlatande"}],"wp:attachment":[{"href":"https:\/\/www.skolungdom.fi\/en\/wp-json\/wp\/v2\/media?parent=6431"}],"curies":[{"name":"wp","href":"https:\/\/api.w.org\/{rel}","templated":true}]}}